{"id":164,"date":"2017-01-26T01:35:42","date_gmt":"2017-01-26T00:35:42","guid":{"rendered":"http:\/\/www.funerariajosecarlos.es\/?page_id=164"},"modified":"2020-11-14T23:12:41","modified_gmt":"2020-11-14T22:12:41","slug":"tanatorio_de_avila","status":"publish","type":"page","link":"https:\/\/www.funerariajosecarlos.es\/index.php\/tanatorio_de_avila\/","title":{"rendered":"Tanatorio de \u00c1vila"},"content":{"rendered":"<p>Moderno y funcional\u00a0Tanatorio-Velatorio inaugurado en 2007.<br \/>\nDotadas de todas las comodidades: \u00a0<em>Edificio accesible<\/em><br \/>\n<strong>* 6 Amplias Salas<\/strong><br \/>\n<strong> * M\u00e1s de 400 metros en zonas comunes<\/strong><br \/>\n<strong> * Cafeter\u00eda<\/strong><br \/>\n<strong> * Capilla Multiconfesional<\/strong><br \/>\n<strong> * Parking subterraneo gratuito<\/strong><br \/>\n<strong> * Servicio de florister\u00eda 24h<\/strong><\/p>\n<p><strong>Localizaci\u00f3n:<\/strong><br \/>\n<iframe loading=\"lazy\" style=\"border: 0px currentColor;\" src=\"https:\/\/www.google.com\/maps\/embed?pb=!1m18!1m12!1m3!1d12105.848491249633!2d-4.682568340971486!3d40.663785661485065!2m3!1f0!2f0!3f0!3m2!1i1024!2i768!4f13.1!3m3!1m2!1s0xd40f2531d007fbf%3A0x25de3b27889404e!2sFuneraria+-+Tanatorio+Jos%C3%A9+Carlos+S%C3%A1nchez!5e0!3m2!1ses!2sus!4v1485565737806\" width=\"600\" height=\"450\" frameborder=\"0\" allowfullscreen=\"allowfullscreen\"><\/iframe><\/p>\n<div id='gallery-1' class='gallery galleryid-164 gallery-columns-3 gallery-size-thumbnail'><figure class='gallery-item'>\n\t\t\t<div class='gallery-icon landscape'>\n\t\t\t\t<a href='https:\/\/www.funerariajosecarlos.es\/wp-content\/uploads\/2019\/12\/Fachada-tanatorio-1-scaled.jpg'><img loading=\"lazy\" decoding=\"async\" width=\"200\" height=\"200\" src=\"https:\/\/www.funerariajosecarlos.es\/wp-content\/uploads\/2019\/12\/Fachada-tanatorio-1-200x200.jpg\" class=\"attachment-thumbnail size-thumbnail\" alt=\"tanatorio\" aria-describedby=\"gallery-1-439\" srcset=\"https:\/\/www.funerariajosecarlos.es\/wp-content\/uploads\/2019\/12\/Fachada-tanatorio-1-200x200.jpg 200w, https:\/\/www.funerariajosecarlos.es\/wp-content\/uploads\/2019\/12\/Fachada-tanatorio-1-100x100.jpg 100w\" sizes=\"auto, 100vw\" \/><\/a>\n\t\t\t<\/div>\n\t\t\t\t<figcaption class='wp-caption-text gallery-caption' id='gallery-1-439'>\n\t\t\t\ttanatorio \u00c1vila\n\t\t\t\t<\/figcaption><\/figure><figure class='gallery-item'>\n\t\t\t<div class='gallery-icon landscape'>\n\t\t\t\t<a href='https:\/\/www.funerariajosecarlos.es\/wp-content\/uploads\/2017\/01\/20140429_203553.jpg'><img loading=\"lazy\" decoding=\"async\" width=\"150\" height=\"150\" src=\"https:\/\/www.funerariajosecarlos.es\/wp-content\/uploads\/2017\/01\/20140429_203553-150x150.jpg\" class=\"attachment-thumbnail size-thumbnail\" alt=\"Entrada hall tanatorio de \u00c1vila\" aria-describedby=\"gallery-1-177\" srcset=\"https:\/\/www.funerariajosecarlos.es\/wp-content\/uploads\/2017\/01\/20140429_203553-150x150.jpg 150w, https:\/\/www.funerariajosecarlos.es\/wp-content\/uploads\/2017\/01\/20140429_203553-100x100.jpg 100w\" sizes=\"auto, 100vw\" \/><\/a>\n\t\t\t<\/div>\n\t\t\t\t<figcaption class='wp-caption-text gallery-caption' id='gallery-1-177'>\n\t\t\t\tEntrada hall tanatorio de \u00c1vila\n\t\t\t\t<\/figcaption><\/figure><figure class='gallery-item'>\n\t\t\t<div class='gallery-icon landscape'>\n\t\t\t\t<a href='https:\/\/www.funerariajosecarlos.es\/wp-content\/uploads\/2017\/01\/20140429_203451-1.jpg'><img loading=\"lazy\" decoding=\"async\" width=\"150\" height=\"150\" src=\"https:\/\/www.funerariajosecarlos.es\/wp-content\/uploads\/2017\/01\/20140429_203451-1-150x150.jpg\" class=\"attachment-thumbnail size-thumbnail\" alt=\"Hall entrada Tanatorio de \u00e1vila\" aria-describedby=\"gallery-1-176\" srcset=\"https:\/\/www.funerariajosecarlos.es\/wp-content\/uploads\/2017\/01\/20140429_203451-1-150x150.jpg 150w, https:\/\/www.funerariajosecarlos.es\/wp-content\/uploads\/2017\/01\/20140429_203451-1-100x100.jpg 100w\" sizes=\"auto, 100vw\" \/><\/a>\n\t\t\t<\/div>\n\t\t\t\t<figcaption class='wp-caption-text gallery-caption' id='gallery-1-176'>\n\t\t\t\tHall entrada Tanatorio de \u00c1vila\n\t\t\t\t<\/figcaption><\/figure><figure class='gallery-item'>\n\t\t\t<div class='gallery-icon landscape'>\n\t\t\t\t<a href='https:\/\/www.funerariajosecarlos.es\/wp-content\/uploads\/2017\/01\/20140429_203642.jpg'><img loading=\"lazy\" decoding=\"async\" width=\"150\" height=\"150\" src=\"https:\/\/www.funerariajosecarlos.es\/wp-content\/uploads\/2017\/01\/20140429_203642-150x150.jpg\" class=\"attachment-thumbnail size-thumbnail\" alt=\"Zona reuni\u00f3n tanatorio de \u00c1vila\" aria-describedby=\"gallery-1-178\" srcset=\"https:\/\/www.funerariajosecarlos.es\/wp-content\/uploads\/2017\/01\/20140429_203642-150x150.jpg 150w, https:\/\/www.funerariajosecarlos.es\/wp-content\/uploads\/2017\/01\/20140429_203642-100x100.jpg 100w\" sizes=\"auto, 100vw\" \/><\/a>\n\t\t\t<\/div>\n\t\t\t\t<figcaption class='wp-caption-text gallery-caption' id='gallery-1-178'>\n\t\t\t\tZona reuni\u00f3n tanatorio de \u00c1vila\n\t\t\t\t<\/figcaption><\/figure><figure class='gallery-item'>\n\t\t\t<div class='gallery-icon landscape'>\n\t\t\t\t<a href='https:\/\/www.funerariajosecarlos.es\/wp-content\/uploads\/2017\/01\/20140429_202923.jpg'><img loading=\"lazy\" decoding=\"async\" width=\"150\" height=\"150\" src=\"https:\/\/www.funerariajosecarlos.es\/wp-content\/uploads\/2017\/01\/20140429_202923-150x150.jpg\" class=\"attachment-thumbnail size-thumbnail\" alt=\"Vista general hall tanatorio de \u00c1vila\" aria-describedby=\"gallery-1-174\" srcset=\"https:\/\/www.funerariajosecarlos.es\/wp-content\/uploads\/2017\/01\/20140429_202923-150x150.jpg 150w, https:\/\/www.funerariajosecarlos.es\/wp-content\/uploads\/2017\/01\/20140429_202923-100x100.jpg 100w\" sizes=\"auto, 100vw\" \/><\/a>\n\t\t\t<\/div>\n\t\t\t\t<figcaption class='wp-caption-text gallery-caption' id='gallery-1-174'>\n\t\t\t\tVista general hall tanatorio de \u00c1vila\n\t\t\t\t<\/figcaption><\/figure><figure class='gallery-item'>\n\t\t\t<div class='gallery-icon landscape'>\n\t\t\t\t<a href='https:\/\/www.funerariajosecarlos.es\/wp-content\/uploads\/2019\/12\/Sala-velatorio-scaled.jpg'><img loading=\"lazy\" decoding=\"async\" width=\"200\" height=\"200\" src=\"https:\/\/www.funerariajosecarlos.es\/wp-content\/uploads\/2019\/12\/Sala-velatorio-200x200.jpg\" class=\"attachment-thumbnail size-thumbnail\" alt=\"Sala Velatorio\" aria-describedby=\"gallery-1-447\" srcset=\"https:\/\/www.funerariajosecarlos.es\/wp-content\/uploads\/2019\/12\/Sala-velatorio-200x200.jpg 200w, https:\/\/www.funerariajosecarlos.es\/wp-content\/uploads\/2019\/12\/Sala-velatorio-100x100.jpg 100w\" sizes=\"auto, 100vw\" \/><\/a>\n\t\t\t<\/div>\n\t\t\t\t<figcaption class='wp-caption-text gallery-caption' id='gallery-1-447'>\n\t\t\t\tSala velatorio\n\t\t\t\t<\/figcaption><\/figure><figure class='gallery-item'>\n\t\t\t<div class='gallery-icon landscape'>\n\t\t\t\t<a href='https:\/\/www.funerariajosecarlos.es\/wp-content\/uploads\/2019\/12\/sala-velatorio-2-scaled.jpg'><img loading=\"lazy\" decoding=\"async\" width=\"200\" height=\"200\" src=\"https:\/\/www.funerariajosecarlos.es\/wp-content\/uploads\/2019\/12\/sala-velatorio-2-200x200.jpg\" class=\"attachment-thumbnail size-thumbnail\" alt=\"Interior sala velatorio\" aria-describedby=\"gallery-1-457\" srcset=\"https:\/\/www.funerariajosecarlos.es\/wp-content\/uploads\/2019\/12\/sala-velatorio-2-200x200.jpg 200w, https:\/\/www.funerariajosecarlos.es\/wp-content\/uploads\/2019\/12\/sala-velatorio-2-100x100.jpg 100w\" sizes=\"auto, 100vw\" \/><\/a>\n\t\t\t<\/div>\n\t\t\t\t<figcaption class='wp-caption-text gallery-caption' id='gallery-1-457'>\n\t\t\t\tsala velatorio\n\t\t\t\t<\/figcaption><\/figure><figure class='gallery-item'>\n\t\t\t<div class='gallery-icon landscape'>\n\t\t\t\t<a href='https:\/\/www.funerariajosecarlos.es\/wp-content\/uploads\/2017\/01\/20140613_200714.jpg'><img loading=\"lazy\" decoding=\"async\" width=\"150\" height=\"150\" src=\"https:\/\/www.funerariajosecarlos.es\/wp-content\/uploads\/2017\/01\/20140613_200714-150x150.jpg\" class=\"attachment-thumbnail size-thumbnail\" alt=\"Parkin subterraneo Gratuito\" aria-describedby=\"gallery-1-182\" srcset=\"https:\/\/www.funerariajosecarlos.es\/wp-content\/uploads\/2017\/01\/20140613_200714-150x150.jpg 150w, https:\/\/www.funerariajosecarlos.es\/wp-content\/uploads\/2017\/01\/20140613_200714-100x100.jpg 100w\" sizes=\"auto, 100vw\" \/><\/a>\n\t\t\t<\/div>\n\t\t\t\t<figcaption class='wp-caption-text gallery-caption' id='gallery-1-182'>\n\t\t\t\tParkin subterraneo Gratuito\n\t\t\t\t<\/figcaption><\/figure><figure class='gallery-item'>\n\t\t\t<div class='gallery-icon landscape'>\n\t\t\t\t<a href='https:\/\/www.funerariajosecarlos.es\/wp-content\/uploads\/2017\/01\/20140429_205734.jpg'><img loading=\"lazy\" decoding=\"async\" width=\"150\" height=\"150\" src=\"https:\/\/www.funerariajosecarlos.es\/wp-content\/uploads\/2017\/01\/20140429_205734-150x150.jpg\" class=\"attachment-thumbnail size-thumbnail\" alt=\"Cafeteria tanatorio de \u00c1vila\" aria-describedby=\"gallery-1-181\" srcset=\"https:\/\/www.funerariajosecarlos.es\/wp-content\/uploads\/2017\/01\/20140429_205734-150x150.jpg 150w, https:\/\/www.funerariajosecarlos.es\/wp-content\/uploads\/2017\/01\/20140429_205734-100x100.jpg 100w\" sizes=\"auto, 100vw\" \/><\/a>\n\t\t\t<\/div>\n\t\t\t\t<figcaption class='wp-caption-text gallery-caption' id='gallery-1-181'>\n\t\t\t\tCafeteria tanatorio de \u00c1vila\n\t\t\t\t<\/figcaption><\/figure><figure class='gallery-item'>\n\t\t\t<div class='gallery-icon landscape'>\n\t\t\t\t<a href='https:\/\/www.funerariajosecarlos.es\/wp-content\/uploads\/2017\/01\/20140429_205222.jpg'><img loading=\"lazy\" decoding=\"async\" width=\"150\" height=\"150\" src=\"https:\/\/www.funerariajosecarlos.es\/wp-content\/uploads\/2017\/01\/20140429_205222-150x150.jpg\" class=\"attachment-thumbnail size-thumbnail\" alt=\"Capilla tanatorio de \u00c1vila\" aria-describedby=\"gallery-1-189\" srcset=\"https:\/\/www.funerariajosecarlos.es\/wp-content\/uploads\/2017\/01\/20140429_205222-150x150.jpg 150w, https:\/\/www.funerariajosecarlos.es\/wp-content\/uploads\/2017\/01\/20140429_205222-100x100.jpg 100w\" sizes=\"auto, 100vw\" \/><\/a>\n\t\t\t<\/div>\n\t\t\t\t<figcaption class='wp-caption-text gallery-caption' id='gallery-1-189'>\n\t\t\t\tCapilla tanatorio de \u00c1vila\n\t\t\t\t<\/figcaption><\/figure><figure class='gallery-item'>\n\t\t\t<div class='gallery-icon landscape'>\n\t\t\t\t<a href='https:\/\/www.funerariajosecarlos.es\/wp-content\/uploads\/2019\/12\/Area-fumadores-scaled.jpg'><img loading=\"lazy\" decoding=\"async\" width=\"200\" height=\"200\" src=\"https:\/\/www.funerariajosecarlos.es\/wp-content\/uploads\/2019\/12\/Area-fumadores-200x200.jpg\" class=\"attachment-thumbnail size-thumbnail\" alt=\"\u00c1rea fumadores tanatorio\" aria-describedby=\"gallery-1-449\" srcset=\"https:\/\/www.funerariajosecarlos.es\/wp-content\/uploads\/2019\/12\/Area-fumadores-200x200.jpg 200w, https:\/\/www.funerariajosecarlos.es\/wp-content\/uploads\/2019\/12\/Area-fumadores-100x100.jpg 100w\" sizes=\"auto, 100vw\" \/><\/a>\n\t\t\t<\/div>\n\t\t\t\t<figcaption class='wp-caption-text gallery-caption' id='gallery-1-449'>\n\t\t\t\t\u00c1rea fumadores\n\t\t\t\t<\/figcaption><\/figure><figure class='gallery-item'>\n\t\t\t<div class='gallery-icon portrait'>\n\t\t\t\t<a href='https:\/\/www.funerariajosecarlos.es\/wp-content\/uploads\/2019\/12\/Entrada-lateral-scaled.jpg'><img loading=\"lazy\" decoding=\"async\" width=\"200\" height=\"200\" src=\"https:\/\/www.funerariajosecarlos.es\/wp-content\/uploads\/2019\/12\/Entrada-lateral-200x200.jpg\" class=\"attachment-thumbnail size-thumbnail\" alt=\"Entrada lateral y acceso escaleras parking subterraneo\" aria-describedby=\"gallery-1-451\" srcset=\"https:\/\/www.funerariajosecarlos.es\/wp-content\/uploads\/2019\/12\/Entrada-lateral-200x200.jpg 200w, https:\/\/www.funerariajosecarlos.es\/wp-content\/uploads\/2019\/12\/Entrada-lateral-100x100.jpg 100w\" sizes=\"auto, 100vw\" \/><\/a>\n\t\t\t<\/div>\n\t\t\t\t<figcaption class='wp-caption-text gallery-caption' id='gallery-1-451'>\n\t\t\t\tEntrada lateral y acceso escaleras parking subterraneo\n\t\t\t\t<\/figcaption><\/figure><figure class='gallery-item'>\n\t\t\t<div class='gallery-icon landscape'>\n\t\t\t\t<a href='https:\/\/www.funerariajosecarlos.es\/wp-content\/uploads\/2019\/12\/Zona-fumadores-scaled.jpg'><img loading=\"lazy\" decoding=\"async\" width=\"200\" height=\"200\" src=\"https:\/\/www.funerariajosecarlos.es\/wp-content\/uploads\/2019\/12\/Zona-fumadores-200x200.jpg\" class=\"attachment-thumbnail size-thumbnail\" alt=\"Zona fumadores\" aria-describedby=\"gallery-1-452\" srcset=\"https:\/\/www.funerariajosecarlos.es\/wp-content\/uploads\/2019\/12\/Zona-fumadores-200x200.jpg 200w, https:\/\/www.funerariajosecarlos.es\/wp-content\/uploads\/2019\/12\/Zona-fumadores-100x100.jpg 100w\" sizes=\"auto, 100vw\" \/><\/a>\n\t\t\t<\/div>\n\t\t\t\t<figcaption class='wp-caption-text gallery-caption' id='gallery-1-452'>\n\t\t\t\tZona fumadores\n\t\t\t\t<\/figcaption><\/figure>\n\t\t<\/div>\n\n","protected":false},"excerpt":{"rendered":"<p>Moderno y funcional\u00a0Tanatorio-Velatorio inaugurado en 2007. Dotadas de todas las comodidades: \u00a0Edificio accesible * 6 Amplias Salas * M\u00e1s de 400 metros en zonas comunes * Cafeter\u00eda * Capilla Multiconfesional * Parking subterraneo gratuito * Servicio de florister\u00eda 24h Localizaci\u00f3n:<\/p>\n","protected":false},"author":1,"featured_media":0,"parent":0,"menu_order":0,"comment_status":"closed","ping_status":"closed","template":"","meta":{"ngg_post_thumbnail":0,"footnotes":""},"class_list":["post-164","page","type-page","status-publish","hentry"],"_links":{"self":[{"href":"https:\/\/www.funerariajosecarlos.es\/index.php\/wp-json\/wp\/v2\/pages\/164","targetHints":{"allow":["GET"]}}],"collection":[{"href":"https:\/\/www.funerariajosecarlos.es\/index.php\/wp-json\/wp\/v2\/pages"}],"about":[{"href":"https:\/\/www.funerariajosecarlos.es\/index.php\/wp-json\/wp\/v2\/types\/page"}],"author":[{"embeddable":true,"href":"https:\/\/www.funerariajosecarlos.es\/index.php\/wp-json\/wp\/v2\/users\/1"}],"replies":[{"embeddable":true,"href":"https:\/\/www.funerariajosecarlos.es\/index.php\/wp-json\/wp\/v2\/comments?post=164"}],"version-history":[{"count":23,"href":"https:\/\/www.funerariajosecarlos.es\/index.php\/wp-json\/wp\/v2\/pages\/164\/revisions"}],"predecessor-version":[{"id":503,"href":"https:\/\/www.funerariajosecarlos.es\/index.php\/wp-json\/wp\/v2\/pages\/164\/revisions\/503"}],"wp:attachment":[{"href":"https:\/\/www.funerariajosecarlos.es\/index.php\/wp-json\/wp\/v2\/media?parent=164"}],"curies":[{"name":"wp","href":"https:\/\/api.w.org\/{rel}","templated":true}]}}