{"id":150,"date":"2017-01-26T00:50:41","date_gmt":"2017-01-25T23:50:41","guid":{"rendered":"http:\/\/www.funerariajosecarlos.es\/?page_id=150"},"modified":"2018-03-13T01:29:59","modified_gmt":"2018-03-13T00:29:59","slug":"trabajos-de-cementerio","status":"publish","type":"page","link":"https:\/\/www.funerariajosecarlos.es\/index.php\/trabajos-de-cementerio\/","title":{"rendered":"Trabajos de cementerio"},"content":{"rendered":"<p><span style=\"background-color: #f2f4f5; color: #222222; font-family: Monaco, Consolas, 'Andale Mono', 'DejaVu Sans Mono', monospace; font-size: 0.9375rem;\">Realizamos cualquier trabajo de cemencemencementerio<\/span><\/p>\n<p><code><\/code><\/p>\n<ul>\n<li>Exhumaciones de restos.<\/li>\n<li>Tabicado de sepulturas.<\/li>\n<li>Inscripciones\u00a0 en l\u00e1pidas y fotocer\u00e1micas.<\/li>\n<li>Disponemos de todo tipo de ornamentos en piedra, m\u00e1rmol y bronce.<\/li>\n<li>Somos distribuidores oficiales para \u00c1vila y provincia de l\u00e1pidas Norberto. <a href=\"http:\/\/www.lapidasnorberto.com\" target=\"_blank\" rel=\"noopener\">http:\/\/www.lapidasnorberto.com<\/a><\/li>\n<\/ul>\n<p>&nbsp;<\/p>\n<ul>\n<li><div id='gallery-1' class='gallery galleryid-150 gallery-columns-3 gallery-size-thumbnail'><figure class='gallery-item'>\n\t\t\t<div class='gallery-icon portrait'>\n\t\t\t\t<a href='https:\/\/www.funerariajosecarlos.es\/index.php\/trabajos-de-cementerio\/img-20161220-wa0007\/'><img loading=\"lazy\" decoding=\"async\" width=\"150\" height=\"150\" src=\"https:\/\/www.funerariajosecarlos.es\/wp-content\/uploads\/2018\/02\/IMG-20161220-WA0007-150x150.jpg\" class=\"attachment-thumbnail size-thumbnail\" alt=\"Lapida mod N3\" aria-describedby=\"gallery-1-347\" srcset=\"https:\/\/www.funerariajosecarlos.es\/wp-content\/uploads\/2018\/02\/IMG-20161220-WA0007-150x150.jpg 150w, https:\/\/www.funerariajosecarlos.es\/wp-content\/uploads\/2018\/02\/IMG-20161220-WA0007-1200x1200.jpg 1200w, https:\/\/www.funerariajosecarlos.es\/wp-content\/uploads\/2018\/02\/IMG-20161220-WA0007-100x100.jpg 100w\" sizes=\"auto, 100vw\" \/><\/a>\n\t\t\t<\/div>\n\t\t\t\t<figcaption class='wp-caption-text gallery-caption' id='gallery-1-347'>\n\t\t\t\tLapida mod N3\n\t\t\t\t<\/figcaption><\/figure><figure class='gallery-item'>\n\t\t\t<div class='gallery-icon portrait'>\n\t\t\t\t<a href='https:\/\/www.funerariajosecarlos.es\/index.php\/trabajos-de-cementerio\/20140430_163802\/'><img loading=\"lazy\" decoding=\"async\" width=\"150\" height=\"150\" src=\"https:\/\/www.funerariajosecarlos.es\/wp-content\/uploads\/2018\/02\/20140430_163802-150x150.jpg\" class=\"attachment-thumbnail size-thumbnail\" alt=\"Lapida tipo A\" aria-describedby=\"gallery-1-342\" srcset=\"https:\/\/www.funerariajosecarlos.es\/wp-content\/uploads\/2018\/02\/20140430_163802-150x150.jpg 150w, https:\/\/www.funerariajosecarlos.es\/wp-content\/uploads\/2018\/02\/20140430_163802-100x100.jpg 100w\" sizes=\"auto, 100vw\" \/><\/a>\n\t\t\t<\/div>\n\t\t\t\t<figcaption class='wp-caption-text gallery-caption' id='gallery-1-342'>\n\t\t\t\tLapida tipo A\n\t\t\t\t<\/figcaption><\/figure><figure class='gallery-item'>\n\t\t\t<div class='gallery-icon portrait'>\n\t\t\t\t<a href='https:\/\/www.funerariajosecarlos.es\/index.php\/trabajos-de-cementerio\/dscf0276\/'><img loading=\"lazy\" decoding=\"async\" width=\"150\" height=\"150\" src=\"https:\/\/www.funerariajosecarlos.es\/wp-content\/uploads\/2018\/02\/DSCF0276-150x150.jpg\" class=\"attachment-thumbnail size-thumbnail\" alt=\"Lapida mod flor\" aria-describedby=\"gallery-1-345\" srcset=\"https:\/\/www.funerariajosecarlos.es\/wp-content\/uploads\/2018\/02\/DSCF0276-150x150.jpg 150w, https:\/\/www.funerariajosecarlos.es\/wp-content\/uploads\/2018\/02\/DSCF0276-100x100.jpg 100w\" sizes=\"auto, 100vw\" \/><\/a>\n\t\t\t<\/div>\n\t\t\t\t<figcaption class='wp-caption-text gallery-caption' id='gallery-1-345'>\n\t\t\t\tLapida mod flor\n\t\t\t\t<\/figcaption><\/figure><figure class='gallery-item'>\n\t\t\t<div class='gallery-icon portrait'>\n\t\t\t\t<a href='https:\/\/www.funerariajosecarlos.es\/index.php\/trabajos-de-cementerio\/30032010_007\/'><img loading=\"lazy\" decoding=\"async\" width=\"150\" height=\"150\" src=\"https:\/\/www.funerariajosecarlos.es\/wp-content\/uploads\/2018\/02\/30032010_007-150x150.jpg\" class=\"attachment-thumbnail size-thumbnail\" alt=\"L\u00e1pida mod B1\" aria-describedby=\"gallery-1-341\" srcset=\"https:\/\/www.funerariajosecarlos.es\/wp-content\/uploads\/2018\/02\/30032010_007-150x150.jpg 150w, https:\/\/www.funerariajosecarlos.es\/wp-content\/uploads\/2018\/02\/30032010_007-100x100.jpg 100w\" sizes=\"auto, 100vw\" \/><\/a>\n\t\t\t<\/div>\n\t\t\t\t<figcaption class='wp-caption-text gallery-caption' id='gallery-1-341'>\n\t\t\t\tL\u00e1pida mod B1\n\t\t\t\t<\/figcaption><\/figure><figure class='gallery-item'>\n\t\t\t<div class='gallery-icon portrait'>\n\t\t\t\t<a href='https:\/\/www.funerariajosecarlos.es\/index.php\/trabajos-de-cementerio\/corazon-baterna\/'><img loading=\"lazy\" decoding=\"async\" width=\"150\" height=\"150\" src=\"https:\/\/www.funerariajosecarlos.es\/wp-content\/uploads\/2018\/02\/corazon-baterna-150x150.jpg\" class=\"attachment-thumbnail size-thumbnail\" alt=\"L\u00e1pida mod A31 coraz\u00f3n\" aria-describedby=\"gallery-1-340\" srcset=\"https:\/\/www.funerariajosecarlos.es\/wp-content\/uploads\/2018\/02\/corazon-baterna-150x150.jpg 150w, https:\/\/www.funerariajosecarlos.es\/wp-content\/uploads\/2018\/02\/corazon-baterna-1200x1200.jpg 1200w, https:\/\/www.funerariajosecarlos.es\/wp-content\/uploads\/2018\/02\/corazon-baterna-100x100.jpg 100w\" sizes=\"auto, 100vw\" \/><\/a>\n\t\t\t<\/div>\n\t\t\t\t<figcaption class='wp-caption-text gallery-caption' id='gallery-1-340'>\n\t\t\t\tL\u00e1pida mod A31 coraz\u00f3n\n\t\t\t\t<\/figcaption><\/figure><figure class='gallery-item'>\n\t\t\t<div class='gallery-icon portrait'>\n\t\t\t\t<a href='https:\/\/www.funerariajosecarlos.es\/index.php\/trabajos-de-cementerio\/20161124_163723-2\/'><img loading=\"lazy\" decoding=\"async\" width=\"150\" height=\"150\" src=\"https:\/\/www.funerariajosecarlos.es\/wp-content\/uploads\/2018\/02\/20161124_163723-1-150x150.jpg\" class=\"attachment-thumbnail size-thumbnail\" alt=\"Lapida mob B31\" aria-describedby=\"gallery-1-339\" srcset=\"https:\/\/www.funerariajosecarlos.es\/wp-content\/uploads\/2018\/02\/20161124_163723-1-150x150.jpg 150w, https:\/\/www.funerariajosecarlos.es\/wp-content\/uploads\/2018\/02\/20161124_163723-1-100x100.jpg 100w\" sizes=\"auto, 100vw\" \/><\/a>\n\t\t\t<\/div>\n\t\t\t\t<figcaption class='wp-caption-text gallery-caption' id='gallery-1-339'>\n\t\t\t\tLapida mob B31\n\t\t\t\t<\/figcaption><\/figure><figure class='gallery-item'>\n\t\t\t<div class='gallery-icon portrait'>\n\t\t\t\t<a href='https:\/\/www.funerariajosecarlos.es\/index.php\/trabajos-de-cementerio\/20161124_163723\/'><img loading=\"lazy\" decoding=\"async\" width=\"150\" height=\"150\" src=\"https:\/\/www.funerariajosecarlos.es\/wp-content\/uploads\/2018\/02\/20161124_163723-150x150.jpg\" class=\"attachment-thumbnail size-thumbnail\" alt=\"Lapida mod A31\" aria-describedby=\"gallery-1-337\" srcset=\"https:\/\/www.funerariajosecarlos.es\/wp-content\/uploads\/2018\/02\/20161124_163723-150x150.jpg 150w, https:\/\/www.funerariajosecarlos.es\/wp-content\/uploads\/2018\/02\/20161124_163723-100x100.jpg 100w\" sizes=\"auto, 100vw\" \/><\/a>\n\t\t\t<\/div>\n\t\t\t\t<figcaption class='wp-caption-text gallery-caption' id='gallery-1-337'>\n\t\t\t\tLapida mod A31\n\t\t\t\t<\/figcaption><\/figure><figure class='gallery-item'>\n\t\t\t<div class='gallery-icon portrait'>\n\t\t\t\t<a href='https:\/\/www.funerariajosecarlos.es\/index.php\/trabajos-de-cementerio\/20161005_124309\/'><img loading=\"lazy\" decoding=\"async\" width=\"150\" height=\"150\" src=\"https:\/\/www.funerariajosecarlos.es\/wp-content\/uploads\/2018\/02\/20161005_124309-150x150.jpg\" class=\"attachment-thumbnail size-thumbnail\" alt=\"L\u00e1pida mod A61\" aria-describedby=\"gallery-1-336\" srcset=\"https:\/\/www.funerariajosecarlos.es\/wp-content\/uploads\/2018\/02\/20161005_124309-150x150.jpg 150w, https:\/\/www.funerariajosecarlos.es\/wp-content\/uploads\/2018\/02\/20161005_124309-100x100.jpg 100w\" sizes=\"auto, 100vw\" \/><\/a>\n\t\t\t<\/div>\n\t\t\t\t<figcaption class='wp-caption-text gallery-caption' id='gallery-1-336'>\n\t\t\t\tL\u00e1pida mod A61\n\t\t\t\t<\/figcaption><\/figure><figure class='gallery-item'>\n\t\t\t<div class='gallery-icon portrait'>\n\t\t\t\t<a href='https:\/\/www.funerariajosecarlos.es\/index.php\/trabajos-de-cementerio\/20160603_103729\/'><img loading=\"lazy\" decoding=\"async\" width=\"150\" height=\"150\" src=\"https:\/\/www.funerariajosecarlos.es\/wp-content\/uploads\/2018\/02\/20160603_103729-150x150.jpg\" class=\"attachment-thumbnail size-thumbnail\" alt=\"Lapida pulida y aro sin pulir\" aria-describedby=\"gallery-1-335\" srcset=\"https:\/\/www.funerariajosecarlos.es\/wp-content\/uploads\/2018\/02\/20160603_103729-150x150.jpg 150w, https:\/\/www.funerariajosecarlos.es\/wp-content\/uploads\/2018\/02\/20160603_103729-100x100.jpg 100w\" sizes=\"auto, 100vw\" \/><\/a>\n\t\t\t<\/div>\n\t\t\t\t<figcaption class='wp-caption-text gallery-caption' id='gallery-1-335'>\n\t\t\t\tLapida pulida y aro sin pulir\n\t\t\t\t<\/figcaption><\/figure><figure class='gallery-item'>\n\t\t\t<div class='gallery-icon portrait'>\n\t\t\t\t<a href='https:\/\/www.funerariajosecarlos.es\/index.php\/trabajos-de-cementerio\/lapida-con-frente-n-9-con-cantoneras\/'><img loading=\"lazy\" decoding=\"async\" width=\"150\" height=\"150\" src=\"https:\/\/www.funerariajosecarlos.es\/wp-content\/uploads\/2018\/02\/LAPIDA-CON-FRENTE-N-9-CON-CANTONERAS-150x150.jpg\" class=\"attachment-thumbnail size-thumbnail\" alt=\"L\u00e1pida mod N9\" aria-describedby=\"gallery-1-334\" srcset=\"https:\/\/www.funerariajosecarlos.es\/wp-content\/uploads\/2018\/02\/LAPIDA-CON-FRENTE-N-9-CON-CANTONERAS-150x150.jpg 150w, https:\/\/www.funerariajosecarlos.es\/wp-content\/uploads\/2018\/02\/LAPIDA-CON-FRENTE-N-9-CON-CANTONERAS-100x100.jpg 100w\" sizes=\"auto, 100vw\" \/><\/a>\n\t\t\t<\/div>\n\t\t\t\t<figcaption class='wp-caption-text gallery-caption' id='gallery-1-334'>\n\t\t\t\tL\u00e1pida mod N9\n\t\t\t\t<\/figcaption><\/figure><figure class='gallery-item'>\n\t\t\t<div class='gallery-icon portrait'>\n\t\t\t\t<a href='https:\/\/www.funerariajosecarlos.es\/index.php\/trabajos-de-cementerio\/20171024_122145\/'><img loading=\"lazy\" decoding=\"async\" width=\"150\" height=\"150\" src=\"https:\/\/www.funerariajosecarlos.es\/wp-content\/uploads\/2018\/02\/20171024_122145-150x150.jpg\" class=\"attachment-thumbnail size-thumbnail\" alt=\"L\u00e1pida mod A3\" aria-describedby=\"gallery-1-333\" srcset=\"https:\/\/www.funerariajosecarlos.es\/wp-content\/uploads\/2018\/02\/20171024_122145-150x150.jpg 150w, https:\/\/www.funerariajosecarlos.es\/wp-content\/uploads\/2018\/02\/20171024_122145-100x100.jpg 100w\" sizes=\"auto, 100vw\" \/><\/a>\n\t\t\t<\/div>\n\t\t\t\t<figcaption class='wp-caption-text gallery-caption' id='gallery-1-333'>\n\t\t\t\tL\u00e1pida mod A3\n\t\t\t\t<\/figcaption><\/figure><figure class='gallery-item'>\n\t\t\t<div class='gallery-icon portrait'>\n\t\t\t\t<a href='https:\/\/www.funerariajosecarlos.es\/index.php\/trabajos-de-cementerio\/corazon-solosancho\/'><img loading=\"lazy\" decoding=\"async\" width=\"150\" height=\"150\" src=\"https:\/\/www.funerariajosecarlos.es\/wp-content\/uploads\/2018\/02\/corazon-solosancho-150x150.jpg\" class=\"attachment-thumbnail size-thumbnail\" alt=\"L\u00e1pida mod A31 coraz\u00f3n\" aria-describedby=\"gallery-1-332\" srcset=\"https:\/\/www.funerariajosecarlos.es\/wp-content\/uploads\/2018\/02\/corazon-solosancho-150x150.jpg 150w, https:\/\/www.funerariajosecarlos.es\/wp-content\/uploads\/2018\/02\/corazon-solosancho-100x100.jpg 100w\" sizes=\"auto, 100vw\" \/><\/a>\n\t\t\t<\/div>\n\t\t\t\t<figcaption class='wp-caption-text gallery-caption' id='gallery-1-332'>\n\t\t\t\tL\u00e1pida mod A31 coraz\u00f3n\n\t\t\t\t<\/figcaption><\/figure>\n\t\t<\/div>\n<\/li>\n<\/ul>\n","protected":false},"excerpt":{"rendered":"<p>Realizamos cualquier trabajo de cemencemencementerio Exhumaciones de restos. Tabicado de sepulturas. Inscripciones\u00a0 en l\u00e1pidas y fotocer\u00e1micas. Disponemos de todo tipo de ornamentos en piedra, m\u00e1rmol y bronce. Somos distribuidores oficiales para \u00c1vila y provincia de l\u00e1pidas Norberto. http:\/\/www.lapidasnorberto.com &nbsp;<\/p>\n","protected":false},"author":1,"featured_media":0,"parent":0,"menu_order":0,"comment_status":"closed","ping_status":"closed","template":"","meta":{"ngg_post_thumbnail":0,"footnotes":""},"class_list":["post-150","page","type-page","status-publish","hentry"],"_links":{"self":[{"href":"https:\/\/www.funerariajosecarlos.es\/index.php\/wp-json\/wp\/v2\/pages\/150","targetHints":{"allow":["GET"]}}],"collection":[{"href":"https:\/\/www.funerariajosecarlos.es\/index.php\/wp-json\/wp\/v2\/pages"}],"about":[{"href":"https:\/\/www.funerariajosecarlos.es\/index.php\/wp-json\/wp\/v2\/types\/page"}],"author":[{"embeddable":true,"href":"https:\/\/www.funerariajosecarlos.es\/index.php\/wp-json\/wp\/v2\/users\/1"}],"replies":[{"embeddable":true,"href":"https:\/\/www.funerariajosecarlos.es\/index.php\/wp-json\/wp\/v2\/comments?post=150"}],"version-history":[{"count":26,"href":"https:\/\/www.funerariajosecarlos.es\/index.php\/wp-json\/wp\/v2\/pages\/150\/revisions"}],"predecessor-version":[{"id":413,"href":"https:\/\/www.funerariajosecarlos.es\/index.php\/wp-json\/wp\/v2\/pages\/150\/revisions\/413"}],"wp:attachment":[{"href":"https:\/\/www.funerariajosecarlos.es\/index.php\/wp-json\/wp\/v2\/media?parent=150"}],"curies":[{"name":"wp","href":"https:\/\/api.w.org\/{rel}","templated":true}]}}