{"id":133,"date":"2017-01-26T00:35:55","date_gmt":"2017-01-26T00:35:55","guid":{"rendered":"http:\/\/www.funerariajosecarlos.es\/?page_id=133"},"modified":"2020-11-14T22:54:14","modified_gmt":"2020-11-14T21:54:14","slug":"velatorio-de-piedrahita","status":"publish","type":"page","link":"https:\/\/www.funerariajosecarlos.es\/index.php\/velatorio-de-piedrahita\/","title":{"rendered":"Tanatorio de Piedrah\u00edta"},"content":{"rendered":"<p style=\"text-align: left;\">Modernas instalaciones inauguradas en enero de 2014<br \/>\nDotadas de todas las comodidades: \u00a0Edificio accesible<br \/>\n* 2 Amplias Salas<br \/>\n* Amplio hall recibidor<br \/>\n* CafeteriaOficce equipado a disposici\u00f3n de los familiares<br \/>\n* Parking privado gratuito<br \/>\n* Servicio de florister\u00eda<\/p>\n<div id='gallery-1' class='gallery galleryid-133 gallery-columns-3 gallery-size-thumbnail'><figure class='gallery-item'>\n\t\t\t<div class='gallery-icon landscape'>\n\t\t\t\t<a href='https:\/\/www.funerariajosecarlos.es\/index.php\/velatorio-de-piedrahita\/20140429_133520\/'><img loading=\"lazy\" decoding=\"async\" width=\"150\" height=\"150\" src=\"https:\/\/www.funerariajosecarlos.es\/wp-content\/uploads\/2017\/01\/20140429_133520-150x150.jpg\" class=\"attachment-thumbnail size-thumbnail\" alt=\"\" aria-describedby=\"gallery-1-141\" srcset=\"https:\/\/www.funerariajosecarlos.es\/wp-content\/uploads\/2017\/01\/20140429_133520-150x150.jpg 150w, https:\/\/www.funerariajosecarlos.es\/wp-content\/uploads\/2017\/01\/20140429_133520-100x100.jpg 100w\" sizes=\"auto, 100vw\" \/><\/a>\n\t\t\t<\/div>\n\t\t\t\t<figcaption class='wp-caption-text gallery-caption' id='gallery-1-141'>\n\t\t\t\tFachada velatorio de Piedrahita\n\t\t\t\t<\/figcaption><\/figure><figure class='gallery-item'>\n\t\t\t<div class='gallery-icon landscape'>\n\t\t\t\t<a href='https:\/\/www.funerariajosecarlos.es\/index.php\/velatorio-de-piedrahita\/20140603_130918\/'><img loading=\"lazy\" decoding=\"async\" width=\"150\" height=\"150\" src=\"https:\/\/www.funerariajosecarlos.es\/wp-content\/uploads\/2017\/01\/20140603_130918-150x150.jpg\" class=\"attachment-thumbnail size-thumbnail\" alt=\"\" aria-describedby=\"gallery-1-136\" srcset=\"https:\/\/www.funerariajosecarlos.es\/wp-content\/uploads\/2017\/01\/20140603_130918-150x150.jpg 150w, https:\/\/www.funerariajosecarlos.es\/wp-content\/uploads\/2017\/01\/20140603_130918-100x100.jpg 100w\" sizes=\"auto, 100vw\" \/><\/a>\n\t\t\t<\/div>\n\t\t\t\t<figcaption class='wp-caption-text gallery-caption' id='gallery-1-136'>\n\t\t\t\tParkin privado velatorio de Piedrahita\n\t\t\t\t<\/figcaption><\/figure><figure class='gallery-item'>\n\t\t\t<div class='gallery-icon landscape'>\n\t\t\t\t<a href='https:\/\/www.funerariajosecarlos.es\/index.php\/velatorio-de-piedrahita\/20140429_132215\/'><img loading=\"lazy\" decoding=\"async\" width=\"150\" height=\"150\" src=\"https:\/\/www.funerariajosecarlos.es\/wp-content\/uploads\/2017\/01\/20140429_132215-150x150.jpg\" class=\"attachment-thumbnail size-thumbnail\" alt=\"\" aria-describedby=\"gallery-1-140\" srcset=\"https:\/\/www.funerariajosecarlos.es\/wp-content\/uploads\/2017\/01\/20140429_132215-150x150.jpg 150w, https:\/\/www.funerariajosecarlos.es\/wp-content\/uploads\/2017\/01\/20140429_132215-100x100.jpg 100w\" sizes=\"auto, 100vw\" \/><\/a>\n\t\t\t<\/div>\n\t\t\t\t<figcaption class='wp-caption-text gallery-caption' id='gallery-1-140'>\n\t\t\t\tHall velatorio de Piedrahita\n\t\t\t\t<\/figcaption><\/figure><figure class='gallery-item'>\n\t\t\t<div class='gallery-icon landscape'>\n\t\t\t\t<a href='https:\/\/www.funerariajosecarlos.es\/index.php\/velatorio-de-piedrahita\/20140429_125658\/'><img loading=\"lazy\" decoding=\"async\" width=\"150\" height=\"150\" src=\"https:\/\/www.funerariajosecarlos.es\/wp-content\/uploads\/2017\/01\/20140429_125658-150x150.jpg\" class=\"attachment-thumbnail size-thumbnail\" alt=\"\" aria-describedby=\"gallery-1-138\" srcset=\"https:\/\/www.funerariajosecarlos.es\/wp-content\/uploads\/2017\/01\/20140429_125658-150x150.jpg 150w, https:\/\/www.funerariajosecarlos.es\/wp-content\/uploads\/2017\/01\/20140429_125658-100x100.jpg 100w\" sizes=\"auto, 100vw\" \/><\/a>\n\t\t\t<\/div>\n\t\t\t\t<figcaption class='wp-caption-text gallery-caption' id='gallery-1-138'>\n\t\t\t\tHall velatorio de Piedrahita\n\t\t\t\t<\/figcaption><\/figure><figure class='gallery-item'>\n\t\t\t<div class='gallery-icon landscape'>\n\t\t\t\t<a href='https:\/\/www.funerariajosecarlos.es\/index.php\/velatorio-de-piedrahita\/20140429_124156\/'><img loading=\"lazy\" decoding=\"async\" width=\"150\" height=\"150\" src=\"https:\/\/www.funerariajosecarlos.es\/wp-content\/uploads\/2017\/01\/20140429_124156-150x150.jpg\" class=\"attachment-thumbnail size-thumbnail\" alt=\"\" aria-describedby=\"gallery-1-137\" srcset=\"https:\/\/www.funerariajosecarlos.es\/wp-content\/uploads\/2017\/01\/20140429_124156-150x150.jpg 150w, https:\/\/www.funerariajosecarlos.es\/wp-content\/uploads\/2017\/01\/20140429_124156-100x100.jpg 100w\" sizes=\"auto, 100vw\" \/><\/a>\n\t\t\t<\/div>\n\t\t\t\t<figcaption class='wp-caption-text gallery-caption' id='gallery-1-137'>\n\t\t\t\tSala velatorio de Piedrahita\n\t\t\t\t<\/figcaption><\/figure><figure class='gallery-item'>\n\t\t\t<div class='gallery-icon landscape'>\n\t\t\t\t<a href='https:\/\/www.funerariajosecarlos.es\/index.php\/velatorio-de-piedrahita\/20140429_132712\/'><img loading=\"lazy\" decoding=\"async\" width=\"150\" height=\"150\" src=\"https:\/\/www.funerariajosecarlos.es\/wp-content\/uploads\/2017\/01\/20140429_132712-150x150.jpg\" class=\"attachment-thumbnail size-thumbnail\" alt=\"\" aria-describedby=\"gallery-1-139\" srcset=\"https:\/\/www.funerariajosecarlos.es\/wp-content\/uploads\/2017\/01\/20140429_132712-150x150.jpg 150w, https:\/\/www.funerariajosecarlos.es\/wp-content\/uploads\/2017\/01\/20140429_132712-100x100.jpg 100w\" sizes=\"auto, 100vw\" \/><\/a>\n\t\t\t<\/div>\n\t\t\t\t<figcaption class='wp-caption-text gallery-caption' id='gallery-1-139'>\n\t\t\t\tOffice velatorio de Piedrahita\n\t\t\t\t<\/figcaption><\/figure>\n\t\t<\/div>\n\n<p>LOCALIZACI\u00d3N:<br \/>\n<iframe loading=\"lazy\" style=\"border: 0;\" src=\"https:\/\/www.google.com\/maps\/embed?pb=!1m18!1m12!1m3!1d3035.4611703660025!2d-5.333251184916109!3d40.465061460623176!2m3!1f0!2f0!3f0!3m2!1i1024!2i768!4f13.1!3m3!1m2!1s0xd3f9e54d6e48699%3A0x9a41b5a8fa02ff24!2sFuneraria-Velatorio+Piedrahita!5e0!3m2!1ses!2sus!4v1485563062046\" width=\"600\" height=\"450\" frameborder=\"0\" allowfullscreen=\"allowfullscreen\"><\/iframe><\/p>\n","protected":false},"excerpt":{"rendered":"<p>Modernas instalaciones inauguradas en enero de 2014 Dotadas de todas las comodidades: \u00a0Edificio accesible * 2 Amplias Salas * Amplio hall recibidor * CafeteriaOficce equipado a disposici\u00f3n de los familiares * Parking privado gratuito * Servicio de florister\u00eda LOCALIZACI\u00d3N:<\/p>\n","protected":false},"author":1,"featured_media":0,"parent":0,"menu_order":2,"comment_status":"closed","ping_status":"closed","template":"","meta":{"ngg_post_thumbnail":0,"footnotes":""},"class_list":["post-133","page","type-page","status-publish","hentry"],"_links":{"self":[{"href":"https:\/\/www.funerariajosecarlos.es\/index.php\/wp-json\/wp\/v2\/pages\/133","targetHints":{"allow":["GET"]}}],"collection":[{"href":"https:\/\/www.funerariajosecarlos.es\/index.php\/wp-json\/wp\/v2\/pages"}],"about":[{"href":"https:\/\/www.funerariajosecarlos.es\/index.php\/wp-json\/wp\/v2\/types\/page"}],"author":[{"embeddable":true,"href":"https:\/\/www.funerariajosecarlos.es\/index.php\/wp-json\/wp\/v2\/users\/1"}],"replies":[{"embeddable":true,"href":"https:\/\/www.funerariajosecarlos.es\/index.php\/wp-json\/wp\/v2\/comments?post=133"}],"version-history":[{"count":9,"href":"https:\/\/www.funerariajosecarlos.es\/index.php\/wp-json\/wp\/v2\/pages\/133\/revisions"}],"predecessor-version":[{"id":498,"href":"https:\/\/www.funerariajosecarlos.es\/index.php\/wp-json\/wp\/v2\/pages\/133\/revisions\/498"}],"wp:attachment":[{"href":"https:\/\/www.funerariajosecarlos.es\/index.php\/wp-json\/wp\/v2\/media?parent=133"}],"curies":[{"name":"wp","href":"https:\/\/api.w.org\/{rel}","templated":true}]}}